{"id":1612,"date":"2023-03-14T08:46:43","date_gmt":"2023-03-14T07:46:43","guid":{"rendered":"https:\/\/wr.ans.pw.edu.pl\/?page_id=1612"},"modified":"2024-04-06T22:06:30","modified_gmt":"2024-04-06T20:06:30","slug":"9-2-wystapienia-na-zebraniach","status":"publish","type":"page","link":"https:\/\/wr.ans.pw.edu.pl\/?page_id=1612","title":{"rendered":"8.1. Wyst\u0105pienia na zebraniach"},"content":{"rendered":"\n<p><a href=\"https:\/\/wr.ans.pw.edu.pl\/?page_id=1691\" data-type=\"page\" data-id=\"1691\"><strong>8.1.1<\/strong>. <strong>Dr Patryk Tomaszewski<\/strong><\/a><\/p>\n\n\n\n<p><a href=\"https:\/\/wr.ans.pw.edu.pl\/?page_id=1697\" data-type=\"page\" data-id=\"1697\"><strong>8.1.2<\/strong>.<strong> Dr hab. Krzysztof Pancerz<\/strong><\/a><\/p>\n\n\n\n<p><strong><a href=\"https:\/\/wr.ans.pw.edu.pl\/?page_id=1700\" data-type=\"page\" data-id=\"1700\">8.1.3. Dr S\u0142awomir Peszkowski<\/a><\/strong><\/p>\n\n\n\n<p><strong><a href=\"https:\/\/wr.ans.pw.edu.pl\/?page_id=1688\" data-type=\"page\" data-id=\"1688\">8.1.4. Dr Arkadiusz Barut<\/a><\/strong><\/p>\n\n\n\n<p><strong><a href=\"https:\/\/wr.ans.pw.edu.pl\/?page_id=1880\" data-type=\"page\" data-id=\"1880\">8.1.5. Mariusz Sawi\u0144ski<\/a><\/strong><\/p>\n\n\n\n<p><strong><a href=\"https:\/\/wr.ans.pw.edu.pl\/wp-content\/uploads\/2024\/04\/8.1.6.-Dr-hab.-Robert-Zajdler-prof.-ucz.-PW.pdf\" data-type=\"attachment\" data-id=\"2494\">8.1.6. Dr hab. Robert Zaidler, prof PW<\/a><\/strong><\/p>\n\n\n\n<p><a href=\"https:\/\/wr.ans.pw.edu.pl\/wp-content\/uploads\/2024\/04\/8.1.7.-Dr-hab.-Katarzyna-Myszona-Kostrzewa-prof.-ucz.-UW.pdf\" data-type=\"attachment\" data-id=\"2497\"><strong>8.1.7.<\/strong> <strong>Dr hab. Katarzyna Myszona-Kostrzewa, prof UW<\/strong><\/a><\/p>\n\n\n\n<p><strong><a href=\"https:\/\/wr.ans.pw.edu.pl\/?page_id=2499\" data-type=\"page\" data-id=\"2499\">8.1.8. Dr hab. Mieczys\u0142aw Ryba, prof KUL<\/a><\/strong><\/p>\n\n\n\n<p><strong><a href=\"https:\/\/wr.ans.pw.edu.pl\/wp-content\/uploads\/2024\/04\/8.1.9.-Dr-Aldona-Ciborowska.pdf\" data-type=\"attachment\" data-id=\"2503\">8.1.9. Dr Aldona Ciborowska<\/a><\/strong><\/p>\n\n\n\n<p><strong><a href=\"https:\/\/wr.ans.pw.edu.pl\/wp-content\/uploads\/2024\/04\/8.1.10.-Gen.-Leon-Komornicki.pdf\" data-type=\"attachment\" data-id=\"2506\">8.1.10. Gen. Leon Komornicki<\/a><\/strong><\/p>\n\n\n\n<p><strong><a href=\"https:\/\/wr.ans.pw.edu.pl\/wp-content\/uploads\/2024\/04\/8.1.11.-Dr-Wojciech-Szewko-1.pdf\" data-type=\"attachment\" data-id=\"2512\">8.1.11. Dr Wojciech Szewko<\/a><\/strong><\/p>\n\n\n\n<p><a href=\"https:\/\/wr.ans.pw.edu.pl\/wp-content\/uploads\/2024\/04\/8.1.12.-Dr-hab.-Adam-Wielomski-UKSW.pdf\" data-type=\"attachment\" data-id=\"2517\"><strong>8.1.12.<\/strong> <strong>Dr hab. Adam Wielomski<\/strong>, <strong>prof. UKSW<\/strong><\/a><\/p>\n\n\n\n<p><a href=\"https:\/\/wr.ans.pw.edu.pl\/wp-content\/uploads\/2024\/04\/8.1.13.-Prof.-dr-hab.-Adam-Bosiacki-UW.pdf\" data-type=\"attachment\" data-id=\"2514\"><strong>8.1.13.<\/strong> <strong>Prof. dr hab. Adam Bosiacki<\/strong><\/a><\/p>\n\n\n\n<p><a href=\"https:\/\/wr.ans.pw.edu.pl\/wp-content\/uploads\/2024\/04\/8.1.14.-Dr-Magdalena-Zietek-Wielomska.pdf\" data-type=\"attachment\" data-id=\"2520\"><strong>8.1.14.<\/strong> <strong>Dr Magdalena Zi\u0119tek-Wielomska<\/strong><\/a><\/p>\n\n\n\n<p><a href=\"https:\/\/wr.ans.pw.edu.pl\/wp-content\/uploads\/2024\/04\/8.1.15.-Pawel-Lisicki.pdf\" data-type=\"attachment\" data-id=\"2523\"><strong>8.1.15<\/strong>. <strong>Red. Pawe\u0142 Lisicki<\/strong><\/a><strong> <\/strong><\/p>\n\n\n\n<p><a href=\"https:\/\/wr.ans.pw.edu.pl\/wp-content\/uploads\/2024\/04\/8.1.16.-Jan-Lopuszanski.pdf\" data-type=\"attachment\" data-id=\"2526\"><strong>8.1.16<\/strong>.<strong> Jan \u0141opusza\u0144ski<\/strong><\/a><\/p>\n\n\n\n<p><\/p>\n","protected":false},"excerpt":{"rendered":"<p>8.1.1. Dr Patryk Tomaszewski 8.1.2. Dr hab. Krzysztof Pancerz 8.1.3. Dr S\u0142awomir Peszkowski 8.1.4. Dr Arkadiusz Barut 8.1.5. Mariusz Sawi\u0144ski 8.1.6. Dr hab. Robert Zaidler, prof PW 8.1.7. Dr hab. Katarzyna Myszona-Kostrzewa, prof UW 8.1.8. Dr hab. Mieczys\u0142aw Ryba, prof KUL 8.1.9. Dr Aldona Ciborowska 8.1.10. Gen. Leon Komornicki 8.1.11. Dr Wojciech Szewko 8.1.12. Dr &hellip; <a href=\"https:\/\/wr.ans.pw.edu.pl\/?page_id=1612\" class=\"more-link\">Czytaj dalej <span class=\"screen-reader-text\">8.1. Wyst\u0105pienia na zebraniach<\/span><\/a><\/p>\n","protected":false},"author":1,"featured_media":0,"parent":0,"menu_order":0,"comment_status":"closed","ping_status":"closed","template":"","meta":[],"_links":{"self":[{"href":"https:\/\/wr.ans.pw.edu.pl\/index.php?rest_route=\/wp\/v2\/pages\/1612"}],"collection":[{"href":"https:\/\/wr.ans.pw.edu.pl\/index.php?rest_route=\/wp\/v2\/pages"}],"about":[{"href":"https:\/\/wr.ans.pw.edu.pl\/index.php?rest_route=\/wp\/v2\/types\/page"}],"author":[{"embeddable":true,"href":"https:\/\/wr.ans.pw.edu.pl\/index.php?rest_route=\/wp\/v2\/users\/1"}],"replies":[{"embeddable":true,"href":"https:\/\/wr.ans.pw.edu.pl\/index.php?rest_route=%2Fwp%2Fv2%2Fcomments&post=1612"}],"version-history":[{"count":9,"href":"https:\/\/wr.ans.pw.edu.pl\/index.php?rest_route=\/wp\/v2\/pages\/1612\/revisions"}],"predecessor-version":[{"id":2534,"href":"https:\/\/wr.ans.pw.edu.pl\/index.php?rest_route=\/wp\/v2\/pages\/1612\/revisions\/2534"}],"wp:attachment":[{"href":"https:\/\/wr.ans.pw.edu.pl\/index.php?rest_route=%2Fwp%2Fv2%2Fmedia&parent=1612"}],"curies":[{"name":"wp","href":"https:\/\/api.w.org\/{rel}","templated":true}]}}