{"id":1231,"date":"2023-01-16T11:22:54","date_gmt":"2023-01-16T10:22:54","guid":{"rendered":"https:\/\/wr.ans.pw.edu.pl\/?page_id=1231"},"modified":"2023-11-22T09:57:58","modified_gmt":"2023-11-22T08:57:58","slug":"7-2-stosunki-miedzynarodowe","status":"publish","type":"page","link":"https:\/\/wr.ans.pw.edu.pl\/?page_id=1231","title":{"rendered":"7.2. Stosunki mi\u0119dzynarodowe"},"content":{"rendered":"\n<h2><\/h2>\n\n\n\n<h2>Polityka zr\u00f3wnowa\u017conego rozwoju<\/h2>\n\n\n\n<p><strong>Rezolucja 70\/299 Zgromadzenia Og\u00f3lnego ONZ<\/strong> (<a href=\"https:\/\/www.un.org\/en\/conferences\/SDGSummit2023\/political-declaration#\">https:\/\/www.un.org\/en\/conferences\/SDGSummit2023\/political-declaration#<\/a>): <em><strong>Political declaration of the high-level political forum on sustainable development convened under the auspices of the General Assembly<\/strong><\/em>, 18-19 September 2023 [<a rel=\"noreferrer noopener\" href=\"https:\/\/hlpf.un.org\/sites\/default\/files\/2023-09\/A%20HLPF%202023%20L1.pdf\" target=\"_blank\">https:\/\/hlpf.un.org\/sites\/default\/files\/2023-09\/A%20HLPF%202023%20L1.pdf<\/a> .  <\/p>\n\n\n\n<h2>\u0141ad europejski<\/h2>\n\n\n\n<p>1. <a rel=\"noreferrer noopener\" href=\"https:\/\/www.researchgate.net\/profile\/Daniel-Augenstein\/publication\/320245834_Integration_Through_Law\/links\/5b2bdc5b4585150d23c183d0\/Integration-Through-Law.pdf\" target=\"_blank\">https:\/\/www.researchgate.net\/profile\/Daniel-Augenstein\/publication\/320245834_Integration_Through_Law\/links\/5b2bdc5b4585150d23c183d0\/Integration-Through-Law.pdf<\/a> &#8211; <strong>artyku\u0142 Daniela Augensteina przedstawiaj\u0105cy<\/strong> <strong>koncepcj\u0119 integracji przez prawo oraz jej g\u0142\u00f3wnych za\u0142o\u017ce\u0144 w odniesieniu do proces\u00f3w integracyjnych w Europie<\/strong>.<\/p>\n\n\n\n<p>2. <a rel=\"noreferrer noopener\" href=\"https:\/\/watermark.silverchair.com\/mow024.pdf?token=AQECAHi208BE49Ooan9kkhW_Ercy7Dm3ZL_9Cf3qfKAc485ysgAAAr8wggK7BgkqhkiG9w0BBwagggKsMIICqAIBADCCAqEGCSqGSIb3DQEHATAeBglghkgBZQMEAS4wEQQMnbYXi6C8jOwrDt3rAgEQgIICcvyc8lCtRaD9THRN56SMKNL7XwsaTIdEJnaUYrYv2__BsTZGAL8pBjLKxc8Z_MCKbb8pdB0FUd5GIlJ1RLYXfti7ps6VuDGzHuHDXmBVSYGA10ogI-KgaZq6nRi7bKAAj-6DDX2-m50zXdKXuHNkHcelKWm_rEWGQqF3hMCAPj8sdlgdBSACRNeJOAH-MuxXy-CzIK7ZU283p0SGjEXIKaw-Qj_9CVRHRD93EQkfBFRmGrKgVY-5gi-9Od9r2MmScHmgpwJ-uXkflhW_yFgundZ0OohP1yOtfxV3GcMe4XD8jVUwHx6PuD7Mh8zjzr3YRdwqNtrwLz6lvQD4_cafibEON2WDkDAUowE3dnXXrSaUlWkmiqYHFm2mfyanuzwwDa3Q_cqdEJqrvxUrqqpDJTKHzh5BHmsmF4bzdOMSenMHzaoCdOlLaRgkHVmpXpbjBVA2kvb9IDRNXmMNxTo7mKIjQkERwrDJn2b_MgUh4KhdqPgRa416Vv7naqJyU32YCPVEdv0aQ0TTcoyBUxAcIc-IljBDcsAbmOHZbo0a_Py9zW1yTrvTcEhwdnM-8XXhA8K7NiSFNcXXQ-ntbbu082XNomLGc9pW9r24nIOH9g5X53j8GCm2KRbiQ6itU7LevMqZgZG9MujzanEvByz7BpWBcSa75k0RzjvJzqTGeDyQ3JhMT1fWkt6FbqjCaeEKi7tEtlo3qDtM46Fv9VuTCF1OSqgR3xnsXXqmbUCOfvmHvrLe04U4imqxMlUoI7ERGpN_kDXvtN3yPDrXtU-7QA5TtqOonO2dBOz9B2hO9wgSyZ5wBpom50RbfoSJoV0-fDGz\" target=\"_blank\">https:\/\/watermark.silverchair.com\/mow024.pdf?token=AQECAHi208BE49Ooan9kkhW_Ercy7Dm3ZL_9Cf3qfKAc485ysgAAAr8wggK7BgkqhkiG9w0BBwagggKsMIICqAIBADCCAqEGCSqGSIb3DQEHATAeBglghkgBZQMEAS4wEQQMnbYXi6C8jOwrDt3rAgEQgIICcvyc8lCtRaD9THRN56SMKNL7XwsaTIdEJnaUYrYv2__BsTZGAL8pBjLKxc8Z_MCKbb8pdB0FUd5GIlJ1RLYXfti7ps6VuDGzHuHDXmBVSYGA10ogI-KgaZq6nRi7bKAAj-6DDX2-m50zXdKXuHNkHcelKWm_rEWGQqF3hMCAPj8sdlgdBSACRNeJOAH-MuxXy-CzIK7ZU283p0SGjEXIKaw-Qj_9CVRHRD93EQkfBFRmGrKgVY-5gi-9Od9r2MmScHmgpwJ-uXkflhW_yFgundZ0OohP1yOtfxV3GcMe4XD8jVUwHx6PuD7Mh8zjzr3YRdwqNtrwLz6lvQD4_cafibEON2WDkDAUowE3dnXXrSaUlWkmiqYHFm2mfyanuzwwDa3Q_cqdEJqrvxUrqqpDJTKHzh5BHmsmF4bzdOMSenMHzaoCdOlLaRgkHVmpXpbjBVA2kvb9IDRNXmMNxTo7mKIjQkERwrDJn2b_MgUh4KhdqPgRa416Vv7naqJyU32YCPVEdv0aQ0TTcoyBUxAcIc-IljBDcsAbmOHZbo0a_Py9zW1yTrvTcEhwdnM-8XXhA8K7NiSFNcXXQ-ntbbu082XNomLGc9pW9r24nIOH9g5X53j8GCm2KRbiQ6itU7LevMqZgZG9MujzanEvByz7BpWBcSa75k0RzjvJzqTGeDyQ3JhMT1fWkt6FbqjCaeEKi7tEtlo3qDtM46Fv9VuTCF1OSqgR3xnsXXqmbUCOfvmHvrLe04U4imqxMlUoI7ERGpN_kDXvtN3yPDrXtU-7QA5TtqOonO2dBOz9B2hO9wgSyZ5wBpom50RbfoSJoV0-fDGz<\/a> &#8211; <strong>artyku\u0142 Lo\u00efca Azoulai omawiaj\u0105cy koncepcj\u0119 integracji przez prawo w aspekcie federalizacji Europy.<\/strong><\/p>\n\n\n\n<p>3. <a rel=\"noreferrer noopener\" savefrom_lm_index=\"0\" savefrom_lm=\"1\" href=\"https:\/\/www.youtube.com\/watch?v=WRdC9fmZifM\" target=\"_blank\">https:\/\/www.youtube.com\/watch?v=WRdC9fmZifM<\/a><span style=\"padding: 0; margin: 0; margin-left: 5px;\"><a title=\"Get a direct link\" style=\"background-image: url(&quot;data:image\/gif;base64,R0lGODlhEAAQAOZ3APf39+Xl5fT09OPj4\/Hx8evr6\/3+\/u7u7uDh4OPi497e3t7e3\/z8\/P79\/X3GbuXl5ubl5eHg4WzFUfb39+Pj4lzGOV7LOPz7+\/n6+vn5+ZTLj9\/e387Ozt7f3\/7+\/vv7\/ISbePn5+m\/JV1nRKXmVbkCnKVrSLDqsCuDh4d\/e3uDn3\/z7\/H6TdVeaV1uSW+bn5v39\/eXm5eXm5kyHP\/f39pzGmVy7J3yRd9\/f3mLEKkXCHJbka2TVM5vaZn6Wdfn6+YG\/c\/r5+ZO\/jeLi41aHTIeageLn4f39\/vr6+kzNG2PVM5i+lomdf2CXYKHVmtzo2YXNeDqsBebl5uHh4HDKWN3g3kKqEH6WeZHTXIPKdnSPbv79\/pfmbE7PHpe1l4O8dTO5DODg4VDLIlKUUtzo2J7SmEWsLlG4NJbFjkrJHP7+\/VK5Nfz8+zmnC3KKa+Hg4OHh4Y63j\/3+\/eDg4Ojo6P\/\/\/8DAwP\/\/\/wAAAAAAAAAAAAAAAAAAAAAAAAAAAAAAACH5BAEAAHcALAAAAAAQABAAAAfWgHd2g4SFhYJzdYqLjIpzgx5bBgYwHg1Hk2oNDXKDFwwfDF5NLmMtcStsn4MhGT8YS04aGmU1QRhIGYMTADQAQlAODlloAMYTgwICRmRfVBISIkBPKsqDBAREZmcVFhYVayUz2IMHB1dWOmImI2lgUVrmgwUFLzdtXTxKSSduMfSD6Aik48MGlx05SAykM0gKhAAPAhTB0oNFABkPHg5KMIBCxzlMQFQZMGBIggSDpsCJgGDOmzkIUCAIM2dOhEEcNijQuQDHgg4KOqRYwMGOIENIB90JBAA7&quot;); background-repeat: no-repeat; width: 16px; height: 16px; display: inline-block; border: medium; text-decoration: none; padding: 0px; position: relative;\" savefrom_lm=\"1\" savefrom_lm_is_link=\"1\" href=\"http:\/\/savefrom.net\/?url=https%3A%2F%2Fwww.youtube.com%2Fwatch%3Fv%3DWRdC9fmZifM&amp;utm_source=ff&amp;utm_medium=extensions&amp;utm_campaign=link_modifier\" target=\"_blank\" rel=\"noopener\"><\/a><\/span> &#8211; <strong>reporta\u017c dotycz\u0105cy brytyjskiej alternatywy dla Unii Europejskiej, jako sprawniejszego gwaranta bezpiecze\u0144stwa i wsp\u00f3\u0142pracy na starym kontynencie.\u00a0<\/strong><\/p>\n\n\n\n<p>4. <a rel=\"noreferrer noopener\" href=\"https:\/\/www.rynek-kolejowy.pl\/wiadomosci\/finlandia-nowe-prognozy-dla-tunelu-do-estonii-111529.html\" target=\"_blank\">https:\/\/www.rynek-kolejowy.pl\/wiadomosci\/finlandia-nowe-prognozy-dla-tunelu-do-estonii-111529.html<\/a> &#8211; <strong>artyku\u0142 dotycz\u0105cy mo\u017cliwego finansowania przez CHRL najd\u0142u\u017cszego podwodnego tunelu komunikacyjnego w Europie, \u0142\u0105cz\u0105cego Helsinki i Tallin<\/strong>.<\/p>\n\n\n\n<p>5. <a rel=\"noreferrer noopener\" href=\"https:\/\/academic.oup.com\/ejil\/article\/30\/3\/1017\/5673326\" target=\"_blank\">https:\/\/academic.oup.com\/ejil\/article\/30\/3\/1017\/5673326<\/a> &#8211; <strong>artyku\u0142 Amedeo Arena omawiaj\u0105cy ewolucj\u0119 prawa europejskiego w kontek\u015bcie zasady jego pierwsze\u0144stwa nad krajowymi porz\u0105dkami prawnymi<\/strong>.<\/p>\n\n\n\n<p>6. <a rel=\"noreferrer noopener\" href=\"https:\/\/cjel.law.columbia.edu\/print\/2000\/the-european-union-as-a-supranational-federation-a-conceptual-attempt-in-the-light-of-the-amsterdam-treaty\/\" target=\"_blank\">https:\/\/cjel.law.columbia.edu\/print\/2000\/the-european-union-as-a-supranational-federation-a-conceptual-attempt-in-the-light-of-the-amsterdam-treaty\/<\/a> &#8211; <strong>artyku\u0142 Armina von Bogdandy przedstawiaj\u0105cy perspektyw\u0119 federalizmu wykonawczego (niem. Exekutivfoderalismus) oraz federalizmu regulacyjnego (ang. regulatory federalism) na proces integracji europejskiej<\/strong>.<\/p>\n\n\n\n<p>7. <a rel=\"noreferrer noopener\" savefrom_lm_index=\"0\" savefrom_lm=\"1\" href=\"https:\/\/www.youtube.com\/watch?v=GGkbA35Tb5o\" target=\"_blank\">https:\/\/www.youtube.com\/watch?v=GGkbA35Tb5o<\/a><span style=\"padding: 0; margin: 0; margin-left: 5px;\"><a title=\"Get a direct link\" style=\"background-image: url(&quot;data:image\/gif;base64,R0lGODlhEAAQAOZ3APf39+Xl5fT09OPj4\/Hx8evr6\/3+\/u7u7uDh4OPi497e3t7e3\/z8\/P79\/X3GbuXl5ubl5eHg4WzFUfb39+Pj4lzGOV7LOPz7+\/n6+vn5+ZTLj9\/e387Ozt7f3\/7+\/vv7\/ISbePn5+m\/JV1nRKXmVbkCnKVrSLDqsCuDh4d\/e3uDn3\/z7\/H6TdVeaV1uSW+bn5v39\/eXm5eXm5kyHP\/f39pzGmVy7J3yRd9\/f3mLEKkXCHJbka2TVM5vaZn6Wdfn6+YG\/c\/r5+ZO\/jeLi41aHTIeageLn4f39\/vr6+kzNG2PVM5i+lomdf2CXYKHVmtzo2YXNeDqsBebl5uHh4HDKWN3g3kKqEH6WeZHTXIPKdnSPbv79\/pfmbE7PHpe1l4O8dTO5DODg4VDLIlKUUtzo2J7SmEWsLlG4NJbFjkrJHP7+\/VK5Nfz8+zmnC3KKa+Hg4OHh4Y63j\/3+\/eDg4Ojo6P\/\/\/8DAwP\/\/\/wAAAAAAAAAAAAAAAAAAAAAAAAAAAAAAACH5BAEAAHcALAAAAAAQABAAAAfWgHd2g4SFhYJzdYqLjIpzgx5bBgYwHg1Hk2oNDXKDFwwfDF5NLmMtcStsn4MhGT8YS04aGmU1QRhIGYMTADQAQlAODlloAMYTgwICRmRfVBISIkBPKsqDBAREZmcVFhYVayUz2IMHB1dWOmImI2lgUVrmgwUFLzdtXTxKSSduMfSD6Aik48MGlx05SAykM0gKhAAPAhTB0oNFABkPHg5KMIBCxzlMQFQZMGBIggSDpsCJgGDOmzkIUCAIM2dOhEEcNijQuQDHgg4KOqRYwMGOIENIB90JBAA7&quot;); background-repeat: no-repeat; width: 16px; height: 16px; display: inline-block; border: medium; text-decoration: none; padding: 0px; position: relative;\" savefrom_lm=\"1\" savefrom_lm_is_link=\"1\" href=\"http:\/\/savefrom.net\/?url=https%3A%2F%2Fwww.youtube.com%2Fwatch%3Fv%3DGGkbA35Tb5o&amp;utm_source=ff&amp;utm_medium=extensions&amp;utm_campaign=link_modifier\" target=\"_blank\" rel=\"noopener\"><\/a><\/span> &#8211; <strong>audycja omawiaj\u0105ca maj\u0105ce miejsce na pocz\u0105tku 2023 roku spi\u0119cia na linii Serbia &#8211; Kosowo<\/strong>.\u00a0<\/p>\n\n\n\n<p>8. <a rel=\"noreferrer noopener\" savefrom_lm_index=\"0\" savefrom_lm=\"1\" href=\"https:\/\/www.youtube.com\/watch?v=O0mvNfkx210\" target=\"_blank\">https:\/\/www.youtube.com\/watch?v=O0mvNfkx210<\/a><span style=\"padding: 0; margin: 0; margin-left: 5px;\"><\/span> &#8211; <strong>audycja omawiaj\u0105ca posk\u0105 koncepcj\u0119 &#8222;mi\u0119dzymorza&#8221; z perspektywy zagranicznego obserwatora.<\/strong><\/p>\n\n\n\n<h2>Wojna na Ukrainie<\/h2>\n\n\n\n<p>1. <a rel=\"noreferrer noopener\" savefrom_lm_index=\"0\" savefrom_lm=\"1\" href=\"https:\/\/www.youtube.com\/watch?v=nVt-WXTLIZM\" target=\"_blank\">https:\/\/www.youtube.com\/watch?v=nVt-WXTLIZM<\/a><span style=\"padding: 0; margin: 0; margin-left: 5px;\"><\/span> &#8211; <strong>reporta\u017c Deutsche Welle dotycz\u0105cy rozszerzania NATO na wschodnich rubie\u017cach Europy.<\/strong><\/p>\n\n\n\n<p>2. <a rel=\"noreferrer noopener\" href=\"https:\/\/www.pism.pl\/publikacje\/rosja-grozi-ukrainie-bronia-jadrowa\" target=\"_blank\">https:\/\/www.pism.pl\/publikacje\/rosja-grozi-ukrainie-bronia-jadrowa<\/a> &#8211;<strong> artyku\u0142 Polskiego Instytutu Spraw Mi\u0119dzynarodowych w sprawie potencjalnego wykorzystania na przez Federacj\u0119 Rosyjsk\u0105 broni nuklearnej<\/strong>.<\/p>\n\n\n\n<p>3. <a rel=\"noreferrer noopener\" savefrom_lm_index=\"0\" savefrom_lm=\"1\" href=\"https:\/\/www.youtube.com\/watch?v=XFmEbc5y3TU\" target=\"_blank\">https:\/\/www.youtube.com\/watch?v=XFmEbc5y3TU<\/a><span style=\"padding: 0; margin: 0; margin-left: 5px;\"><a title=\"Get a direct link\" style=\"background-image: url(&quot;data:image\/gif;base64,R0lGODlhEAAQAOZ3APf39+Xl5fT09OPj4\/Hx8evr6\/3+\/u7u7uDh4OPi497e3t7e3\/z8\/P79\/X3GbuXl5ubl5eHg4WzFUfb39+Pj4lzGOV7LOPz7+\/n6+vn5+ZTLj9\/e387Ozt7f3\/7+\/vv7\/ISbePn5+m\/JV1nRKXmVbkCnKVrSLDqsCuDh4d\/e3uDn3\/z7\/H6TdVeaV1uSW+bn5v39\/eXm5eXm5kyHP\/f39pzGmVy7J3yRd9\/f3mLEKkXCHJbka2TVM5vaZn6Wdfn6+YG\/c\/r5+ZO\/jeLi41aHTIeageLn4f39\/vr6+kzNG2PVM5i+lomdf2CXYKHVmtzo2YXNeDqsBebl5uHh4HDKWN3g3kKqEH6WeZHTXIPKdnSPbv79\/pfmbE7PHpe1l4O8dTO5DODg4VDLIlKUUtzo2J7SmEWsLlG4NJbFjkrJHP7+\/VK5Nfz8+zmnC3KKa+Hg4OHh4Y63j\/3+\/eDg4Ojo6P\/\/\/8DAwP\/\/\/wAAAAAAAAAAAAAAAAAAAAAAAAAAAAAAACH5BAEAAHcALAAAAAAQABAAAAfWgHd2g4SFhYJzdYqLjIpzgx5bBgYwHg1Hk2oNDXKDFwwfDF5NLmMtcStsn4MhGT8YS04aGmU1QRhIGYMTADQAQlAODlloAMYTgwICRmRfVBISIkBPKsqDBAREZmcVFhYVayUz2IMHB1dWOmImI2lgUVrmgwUFLzdtXTxKSSduMfSD6Aik48MGlx05SAykM0gKhAAPAhTB0oNFABkPHg5KMIBCxzlMQFQZMGBIggSDpsCJgGDOmzkIUCAIM2dOhEEcNijQuQDHgg4KOqRYwMGOIENIB90JBAA7&quot;); background-repeat: no-repeat; width: 16px; height: 16px; display: inline-block; border: medium; text-decoration: none; padding: 0px; position: relative;\" savefrom_lm=\"1\" savefrom_lm_is_link=\"1\" href=\"http:\/\/savefrom.net\/?url=https%3A%2F%2Fwww.youtube.com%2Fwatch%3Fv%3DXFmEbc5y3TU&amp;utm_source=ff&amp;utm_medium=extensions&amp;utm_campaign=link_modifier\" target=\"_blank\" rel=\"noopener\"><\/a><\/span> &#8211; <strong>wywiad z dr Jackiem Bartosiakiem, w kt\u00f3rym go\u015b\u0107 programu analizuje mo\u017cliwe warianty eskalacji konfliktu za wschodni\u0105 granic\u0105 RP i jego reperkusje nad \u0142ad regionalny<\/strong>.<\/p>\n\n\n\n<p>4. <a rel=\"noreferrer noopener\" href=\"http:\/\/yadda.icm.edu.pl\/yadda\/element\/bwmeta1.element.ekon-element-000171451939\" target=\"_blank\">http:\/\/yadda.icm.edu.pl\/yadda\/element\/bwmeta1.element.ekon-element-000171451939<\/a> &#8211; <strong>Artyku\u0142 Jurija Hajduka i Tomasza St\u0119pniewskiego przedstawiaj\u0105cy wizj\u0119 trwaj\u0105cej od 2014 roku wojny na Ukrainie jako wojny hybrydowej<\/strong>.<\/p>\n\n\n\n<p>5. <a rel=\"noreferrer noopener\" savefrom_lm_index=\"0\" savefrom_lm=\"1\" href=\"https:\/\/www.youtube.com\/watch?v=vRCLX-hlo_E\" target=\"_blank\">https:\/\/www.youtube.com\/watch?v=vRCLX-hlo_E<\/a><span style=\"padding: 0; margin: 0; margin-left: 5px;\"><\/span> &#8211; <strong>audycja po\u015bwi\u0119cona sprz\u0119towemu wspieraniu Ukrainy przez zach\u00f3d, postrzegaj\u0105ca j\u0105 przez pryzmat historycznej paraleli do systemu Lend-Lease.<\/strong><\/p>\n\n\n\n<p>6. <a rel=\"noreferrer noopener\" href=\"https:\/\/www.fmprc.gov.cn\/mfa_eng\/zxxx_662805\/202302\/t20230224_11030713.html\" target=\"_blank\">https:\/\/www.fmprc.gov.cn\/mfa_eng\/zxxx_662805\/202302\/t20230224_11030713.html<\/a> &#8211; <strong>oficjalne stanowisko rz\u0105du CHRL w sprawie wojny na Ukrainie, opublikowane na stronie Ministerstwa Spraw Zagranicznych, b\u0119d\u0105ce ciekawy przyk\u0142adem zaadaptowania wizji realistycznej w stosunkach mi\u0119dzynarodowych do postulat\u00f3w rewizjonizmu<\/strong>.<\/p>\n\n\n\n<p>7. <a rel=\"noreferrer noopener\" href=\"https:\/\/www.osw.waw.pl\/pl\/publikacje\/analizy\/2023-02-24\/chinska-dyplomatyczna-gra-wokol-planu-pokojowego\" target=\"_blank\">https:\/\/www.osw.waw.pl\/pl\/publikacje\/analizy\/2023-02-24\/chinska-dyplomatyczna-gra-wokol-planu-pokojowego<\/a> &#8211; <strong>analiza O\u015brodka Studi\u00f3w Wschodnich dot. chi\u0144skiego planu pokojowego wobec wojny na Ukrainie.<\/strong><\/p>\n\n\n\n<p>8. <strong>Jak wygl\u0105da wojna dron\u00f3w na Ukrainie. Relacja z frontu. Rozmowa Piotra Zychowicza z by\u0142ym starszym szeregowym Sebastianem Kuczy\u0144skim. Historia Realna<\/strong> &#8211; <a savefrom_lm_index=\"0\" savefrom_lm=\"1\" href=\"https:\/\/www.youtube.com\/watch?v=crPsVCzOcKY\">https:\/\/www.youtube.com\/watch?v=crPsVCzOcKY<\/a><\/p>\n\n\n\n<p>9. <strong>O co chodzi z AFER\u0104 WIZOW\u0104? \/Konflikt IZRAEL &#8211; PALESTYNA<\/strong> | <strong>Wywiad z dr Arturem Bartoszewiczem<\/strong>, 12 X 2023, Prawow\u0142adni, <a savefrom_lm_index=\"0\" savefrom_lm=\"1\" href=\"https:\/\/www.youtube.com\/watch?v=Cl1hZNIolZo\">https:\/\/www.youtube.com\/watch?v=Cl1hZNIolZo<\/a><span style=\"padding: 0; margin: 0; margin-left: 5px;\"><a title=\"Get a direct link\" style=\"background-image: url(&quot;data:image\/gif;base64,R0lGODlhEAAQAOZ3APf39+Xl5fT09OPj4\/Hx8evr6\/3+\/u7u7uDh4OPi497e3t7e3\/z8\/P79\/X3GbuXl5ubl5eHg4WzFUfb39+Pj4lzGOV7LOPz7+\/n6+vn5+ZTLj9\/e387Ozt7f3\/7+\/vv7\/ISbePn5+m\/JV1nRKXmVbkCnKVrSLDqsCuDh4d\/e3uDn3\/z7\/H6TdVeaV1uSW+bn5v39\/eXm5eXm5kyHP\/f39pzGmVy7J3yRd9\/f3mLEKkXCHJbka2TVM5vaZn6Wdfn6+YG\/c\/r5+ZO\/jeLi41aHTIeageLn4f39\/vr6+kzNG2PVM5i+lomdf2CXYKHVmtzo2YXNeDqsBebl5uHh4HDKWN3g3kKqEH6WeZHTXIPKdnSPbv79\/pfmbE7PHpe1l4O8dTO5DODg4VDLIlKUUtzo2J7SmEWsLlG4NJbFjkrJHP7+\/VK5Nfz8+zmnC3KKa+Hg4OHh4Y63j\/3+\/eDg4Ojo6P\/\/\/8DAwP\/\/\/wAAAAAAAAAAAAAAAAAAAAAAAAAAAAAAACH5BAEAAHcALAAAAAAQABAAAAfWgHd2g4SFhYJzdYqLjIpzgx5bBgYwHg1Hk2oNDXKDFwwfDF5NLmMtcStsn4MhGT8YS04aGmU1QRhIGYMTADQAQlAODlloAMYTgwICRmRfVBISIkBPKsqDBAREZmcVFhYVayUz2IMHB1dWOmImI2lgUVrmgwUFLzdtXTxKSSduMfSD6Aik48MGlx05SAykM0gKhAAPAhTB0oNFABkPHg5KMIBCxzlMQFQZMGBIggSDpsCJgGDOmzkIUCAIM2dOhEEcNijQuQDHgg4KOqRYwMGOIENIB90JBAA7&quot;); background-repeat: no-repeat; width: 16px; height: 16px; display: inline-block; border: medium; text-decoration: none; padding: 0px; position: relative;\" savefrom_lm=\"1\" savefrom_lm_is_link=\"1\" href=\"http:\/\/savefrom.net\/?url=https%3A%2F%2Fwww.youtube.com%2Fwatch%3Fv%3DCl1hZNIolZo&amp;utm_source=ff&amp;utm_medium=extensions&amp;utm_campaign=link_modifier\" target=\"_blank\" rel=\"noopener\"><\/a><\/span><\/p>\n\n\n\n<h2>Rywalizacja ameryka\u0144sko-chi\u0144ska<\/h2>\n\n\n\n<p><a rel=\"noreferrer noopener\" href=\"https:\/\/open.spotify.com\/episode\/6pbI1UZOdVFBSZt0aRM8wc?si=i1i6LPijR3yzobffSdLjTA&amp;app_destination=copy-link&amp;fbclid=IwAR0fLT_9AYx_UEL0VoBM-f0-9vxaLXzMdtsAWKh4PHWBymtn8RqE_GboAZg\" target=\"_blank\">https:\/\/open.spotify.com\/episode\/6pbI1UZOdVFBSZt0aRM8wc?si=i1i6LPijR3yzobffSdLjTA&amp;app_destination=copy-link<\/a> &#8211; <strong>fragment Raportu o Stanie \u015awiata, w kt\u00f3rym go\u015b\u0107 programu &#8211; Sylwia Czubowska omawia ameryka\u0144sk\u0105\u00a0 polityk\u0119 wprowadzania zakazu eksportu urz\u0105dze\u0144 i\u00a0technologii chipowej do\u00a0Chin<\/strong>.<\/p>\n\n\n\n<p>2. <a rel=\"noreferrer noopener\" href=\"http:\/\/www.irjournal.pl\/Stosunki-USA-Chiny-nfalsyfikacja-hipotezy-pulapki-Tukidydesa-,124502,0,1.html\" target=\"_blank\">http:\/\/www.irjournal.pl\/Stosunki-USA-Chiny-nfalsyfikacja-hipotezy-pulapki-Tukidydesa-,124502,0,1.html<\/a> &#8211; <strong>artyku\u0142 Edwarda Hali\u017caka omawiaj\u0105cy wschodz\u0105c\u0105 rywalizacj\u0119 ameryka\u0144sko &#8211; chi\u0144sk\u0105 z perspektywy wywodz\u0105cej si\u0119 z kr\u0119g\u00f3w tzw. realizmu ofensywnego koncepcji pu\u0142apki tukidydesa<\/strong>.<\/p>\n\n\n\n<p>3. <a rel=\"noreferrer noopener\" href=\"https:\/\/open.spotify.com\/episode\/3uZbvuWPUcvcUBlwGQ4hVM?si=54SugjWvRN-DnYuIROx9KQ&amp;app_destination=copy-link&amp;fbclid=IwAR2EZHeiibgl-u2nt7ryH6yn-aHaYz6BApPbZBZwXUUjbqRrIpmw1GEmPyU\" target=\"_blank\">https:\/\/open.spotify.com\/episode\/3uZbvuWPUcvcUBlwGQ4hVM?si=54SugjWvRN-DnYuIROx9KQ&amp;app_destination=copy-link<\/a> &#8211; <strong>fragment Raportu o Stanie \u015awiata, w kt\u00f3rym go\u015b\u0107 programu &#8211; Micha\u0142 Lubina komentuje plany europejsko &#8211; chi\u0144skiej\u00a0 wsp\u00f3\u0142pracy inwestycyjne.\u00a0<\/strong><\/p>\n\n\n\n<p>4. <a rel=\"noreferrer noopener\" savefrom_lm_index=\"0\" savefrom_lm=\"1\" href=\"https:\/\/www.youtube.com\/watch?v=LjpTBVoO6Ws\" target=\"_blank\">https:\/\/www.youtube.com\/watch?v=LjpTBVoO6Ws<\/a><span style=\"padding: 0; margin: 0; margin-left: 5px;\"><a title=\"Get a direct link\" style=\"background-image: url(&quot;data:image\/gif;base64,R0lGODlhEAAQAOZ3APf39+Xl5fT09OPj4\/Hx8evr6\/3+\/u7u7uDh4OPi497e3t7e3\/z8\/P79\/X3GbuXl5ubl5eHg4WzFUfb39+Pj4lzGOV7LOPz7+\/n6+vn5+ZTLj9\/e387Ozt7f3\/7+\/vv7\/ISbePn5+m\/JV1nRKXmVbkCnKVrSLDqsCuDh4d\/e3uDn3\/z7\/H6TdVeaV1uSW+bn5v39\/eXm5eXm5kyHP\/f39pzGmVy7J3yRd9\/f3mLEKkXCHJbka2TVM5vaZn6Wdfn6+YG\/c\/r5+ZO\/jeLi41aHTIeageLn4f39\/vr6+kzNG2PVM5i+lomdf2CXYKHVmtzo2YXNeDqsBebl5uHh4HDKWN3g3kKqEH6WeZHTXIPKdnSPbv79\/pfmbE7PHpe1l4O8dTO5DODg4VDLIlKUUtzo2J7SmEWsLlG4NJbFjkrJHP7+\/VK5Nfz8+zmnC3KKa+Hg4OHh4Y63j\/3+\/eDg4Ojo6P\/\/\/8DAwP\/\/\/wAAAAAAAAAAAAAAAAAAAAAAAAAAAAAAACH5BAEAAHcALAAAAAAQABAAAAfWgHd2g4SFhYJzdYqLjIpzgx5bBgYwHg1Hk2oNDXKDFwwfDF5NLmMtcStsn4MhGT8YS04aGmU1QRhIGYMTADQAQlAODlloAMYTgwICRmRfVBISIkBPKsqDBAREZmcVFhYVayUz2IMHB1dWOmImI2lgUVrmgwUFLzdtXTxKSSduMfSD6Aik48MGlx05SAykM0gKhAAPAhTB0oNFABkPHg5KMIBCxzlMQFQZMGBIggSDpsCJgGDOmzkIUCAIM2dOhEEcNijQuQDHgg4KOqRYwMGOIENIB90JBAA7&quot;); background-repeat: no-repeat; width: 16px; height: 16px; display: inline-block; border: medium; text-decoration: none; padding: 0px; position: relative;\" savefrom_lm=\"1\" savefrom_lm_is_link=\"1\" href=\"http:\/\/savefrom.net\/?url=https%3A%2F%2Fwww.youtube.com%2Fwatch%3Fv%3DLjpTBVoO6Ws&amp;utm_source=ff&amp;utm_medium=extensions&amp;utm_campaign=link_modifier\" target=\"_blank\" rel=\"noopener\"><\/a><\/span> &#8211; <strong>wywiad z Bogdanem G\u00f3ralczykiem w zakresie wp\u0142ywu incydentu z chi\u0144skim balonem nad USA na relacje mi\u0119dzy oboma krajami i koniec kr\u00f3tkiej odwil\u017cy we wzajemnych relacjach<\/strong>.<\/p>\n\n\n\n<p>5. <a rel=\"noreferrer noopener\" savefrom_lm_index=\"0\" savefrom_lm=\"1\" href=\"https:\/\/www.youtube.com\/watch?v=Ab8F-Lrwvn4\" target=\"_blank\">https:\/\/www.youtube.com\/watch?v=Ab8F-Lrwvn4<\/a><span style=\"padding: 0; margin: 0; margin-left: 5px;\"><\/span> &#8211; <strong>wywiad z Leszkiem Sykulskim dotycz\u0105cy chi\u0144skiej propozycji deeskalacji konfliktu na Ukrainie poprzez tzw. Globaln\u0105 Inicjatyw\u0119 Bezpiecze\u0144stwa<\/strong>.<\/p>\n\n\n\n<p>6. <a rel=\"noreferrer noopener\" savefrom_lm_index=\"0\" savefrom_lm=\"1\" href=\"https:\/\/www.youtube.com\/watch?v=FfCa0d1dmqA\" target=\"_blank\">https:\/\/www.youtube.com\/watch?v=FfCa0d1dmqA<\/a><span style=\"padding: 0; margin: 0; margin-left: 5px;\"><a title=\"Get a direct link\" style=\"background-image: url(&quot;data:image\/gif;base64,R0lGODlhEAAQAOZ3APf39+Xl5fT09OPj4\/Hx8evr6\/3+\/u7u7uDh4OPi497e3t7e3\/z8\/P79\/X3GbuXl5ubl5eHg4WzFUfb39+Pj4lzGOV7LOPz7+\/n6+vn5+ZTLj9\/e387Ozt7f3\/7+\/vv7\/ISbePn5+m\/JV1nRKXmVbkCnKVrSLDqsCuDh4d\/e3uDn3\/z7\/H6TdVeaV1uSW+bn5v39\/eXm5eXm5kyHP\/f39pzGmVy7J3yRd9\/f3mLEKkXCHJbka2TVM5vaZn6Wdfn6+YG\/c\/r5+ZO\/jeLi41aHTIeageLn4f39\/vr6+kzNG2PVM5i+lomdf2CXYKHVmtzo2YXNeDqsBebl5uHh4HDKWN3g3kKqEH6WeZHTXIPKdnSPbv79\/pfmbE7PHpe1l4O8dTO5DODg4VDLIlKUUtzo2J7SmEWsLlG4NJbFjkrJHP7+\/VK5Nfz8+zmnC3KKa+Hg4OHh4Y63j\/3+\/eDg4Ojo6P\/\/\/8DAwP\/\/\/wAAAAAAAAAAAAAAAAAAAAAAAAAAAAAAACH5BAEAAHcALAAAAAAQABAAAAfWgHd2g4SFhYJzdYqLjIpzgx5bBgYwHg1Hk2oNDXKDFwwfDF5NLmMtcStsn4MhGT8YS04aGmU1QRhIGYMTADQAQlAODlloAMYTgwICRmRfVBISIkBPKsqDBAREZmcVFhYVayUz2IMHB1dWOmImI2lgUVrmgwUFLzdtXTxKSSduMfSD6Aik48MGlx05SAykM0gKhAAPAhTB0oNFABkPHg5KMIBCxzlMQFQZMGBIggSDpsCJgGDOmzkIUCAIM2dOhEEcNijQuQDHgg4KOqRYwMGOIENIB90JBAA7&quot;); background-repeat: no-repeat; width: 16px; height: 16px; display: inline-block; border: medium; text-decoration: none; padding: 0px; position: relative;\" savefrom_lm=\"1\" savefrom_lm_is_link=\"1\" href=\"http:\/\/savefrom.net\/?url=https%3A%2F%2Fwww.youtube.com%2Fwatch%3Fv%3DFfCa0d1dmqA&amp;utm_source=ff&amp;utm_medium=extensions&amp;utm_campaign=link_modifier\" target=\"_blank\" rel=\"noopener\"><\/a><\/span> &#8211; <strong>audycja Nowej Konfederacji analizuj\u0105ca g\u0142\u00f3wne tezy ksi\u0105\u017cki pt. Demokracja liberalna w odwrocie<\/strong>.<\/p>\n\n\n\n<p>7. <a rel=\"noreferrer noopener\" savefrom_lm_index=\"0\" savefrom_lm=\"1\" href=\"https:\/\/www.youtube.com\/watch?v=96Ws-UiUhVY\" target=\"_blank\">https:\/\/www.youtube.com\/watch?v=96Ws-UiUhVY<\/a><span style=\"padding: 0; margin: 0; margin-left: 5px;\"><a title=\"Get a direct link\" style=\"background-image: url(&quot;data:image\/gif;base64,R0lGODlhEAAQAOZ3APf39+Xl5fT09OPj4\/Hx8evr6\/3+\/u7u7uDh4OPi497e3t7e3\/z8\/P79\/X3GbuXl5ubl5eHg4WzFUfb39+Pj4lzGOV7LOPz7+\/n6+vn5+ZTLj9\/e387Ozt7f3\/7+\/vv7\/ISbePn5+m\/JV1nRKXmVbkCnKVrSLDqsCuDh4d\/e3uDn3\/z7\/H6TdVeaV1uSW+bn5v39\/eXm5eXm5kyHP\/f39pzGmVy7J3yRd9\/f3mLEKkXCHJbka2TVM5vaZn6Wdfn6+YG\/c\/r5+ZO\/jeLi41aHTIeageLn4f39\/vr6+kzNG2PVM5i+lomdf2CXYKHVmtzo2YXNeDqsBebl5uHh4HDKWN3g3kKqEH6WeZHTXIPKdnSPbv79\/pfmbE7PHpe1l4O8dTO5DODg4VDLIlKUUtzo2J7SmEWsLlG4NJbFjkrJHP7+\/VK5Nfz8+zmnC3KKa+Hg4OHh4Y63j\/3+\/eDg4Ojo6P\/\/\/8DAwP\/\/\/wAAAAAAAAAAAAAAAAAAAAAAAAAAAAAAACH5BAEAAHcALAAAAAAQABAAAAfWgHd2g4SFhYJzdYqLjIpzgx5bBgYwHg1Hk2oNDXKDFwwfDF5NLmMtcStsn4MhGT8YS04aGmU1QRhIGYMTADQAQlAODlloAMYTgwICRmRfVBISIkBPKsqDBAREZmcVFhYVayUz2IMHB1dWOmImI2lgUVrmgwUFLzdtXTxKSSduMfSD6Aik48MGlx05SAykM0gKhAAPAhTB0oNFABkPHg5KMIBCxzlMQFQZMGBIggSDpsCJgGDOmzkIUCAIM2dOhEEcNijQuQDHgg4KOqRYwMGOIENIB90JBAA7&quot;); background-repeat: no-repeat; width: 16px; height: 16px; display: inline-block; border: medium; text-decoration: none; padding: 0px; position: relative;\" savefrom_lm=\"1\" savefrom_lm_is_link=\"1\" href=\"http:\/\/savefrom.net\/?url=https%3A%2F%2Fwww.youtube.com%2Fwatch%3Fv%3D96Ws-UiUhVY&amp;utm_source=ff&amp;utm_medium=extensions&amp;utm_campaign=link_modifier\" target=\"_blank\" rel=\"noopener\"><\/a><\/span> &#8211;<strong> audycja omawiaj\u0105ca zbiorczo rosn\u0105ce chi\u0144skie wp\u0142ywy w Europie wschodniej<\/strong>.<\/p>\n\n\n\n<p>8. <a rel=\"noreferrer noopener\" href=\"https:\/\/global-u.org\/globalu\/en\/download\/Featured%20Authors\/erebus_wong\/One-Belt-One-Road.pdf\" target=\"_blank\">https:\/\/global-u.org\/globalu\/en\/download\/Featured%20Authors\/erebus_wong\/One-Belt-One-Road.pdf<\/a> &#8211; <strong>artyku\u0142 po\u015bwi\u0119cony og\u0142oszonej w 2013 roku chi\u0144skiej inicjatywie Pasa i Szlaku z perspektywy dalekowschodnich obserwator\u00f3w<\/strong>. <a rel=\"noreferrer noopener\" href=\"http:\/\/pl.china-embassy.gov.cn\/pol\/sghd_1\/202303\/t20230301_11033126.htm\" target=\"_blank\">http:\/\/pl.china-embassy.gov.cn\/pol\/sghd_1\/202303\/t20230301_11033126.htm<\/a> &#8211; opublikowany na stronie ambasady CHRL w Polsce komunikat dot. zaproponowanej przez Xi Jinpinga Inicjatywy Globalnego Bezpiecze\u0144stwa.<\/p>\n\n\n\n<p>9. <a rel=\"noreferrer noopener\" href=\"https:\/\/english.boaoforum.org\/\" target=\"_blank\">https:\/\/english.boaoforum.org\/<\/a> &#8211; oficjalna strona Boao Forum, b\u0119d\u0105cego swoist\u0105 azjatyck\u0105 alternatyw\u0105 dla europejskiego Davos.<\/p>\n\n\n\n<p><\/p>\n\n\n\n<p><\/p>\n\n\n\n<p><\/p>\n\n\n\n<h2>Szko\u0142a kopenhaska<\/h2>\n\n\n\n<p><a rel=\"noreferrer noopener\" href=\"https:\/\/pressto.amu.edu.pl\/index.php\/ps\/article\/view\/6012\" target=\"_blank\">https:\/\/pressto.amu.edu.pl\/index.php\/ps\/article\/view\/6012<\/a> &#8211; <strong>artyku\u0142 \u0141ukasza Fija\u0142kowskiego wyja\u015bniaj\u0105cy podstawy i genez\u0119 teorii sekurytyzacji<\/strong>.<\/p>\n\n\n\n<p>2. <a rel=\"noreferrer noopener\" href=\"https:\/\/kulturabezpieczenstwa.publisherspanel.com\/resources\/html\/article\/details?id=231021&amp;language=pl\" target=\"_blank\">https:\/\/kulturabezpieczenstwa.publisherspanel.com\/resources\/html\/article\/details?id=231021&amp;language=pl<\/a> &#8211; <strong>artyku\u0142 Jakuba Wojtala odnosz\u0105cy g\u0142\u00f3wne za\u0142o\u017cenia kopenhaskiej szko\u0142y stosunk\u00f3w mi\u0119dzynarodowych do ameryka\u0144skich poczyna\u0144 militarnych na bliskim wschodzie<\/strong>.<\/p>\n\n\n\n<p>3. <a rel=\"noreferrer noopener\" href=\"http:\/\/sbn.wat.edu.pl\/PANDEMIA-COVID-19-JAKO-KWESTIA-BEZPIECZENSTWA-UDANA-SEKURYTYZACJA-,149511,0,1.html\" target=\"_blank\">http:\/\/sbn.wat.edu.pl\/PANDEMIA-COVID-19-JAKO-KWESTIA-BEZPIECZENSTWA-UDANA-SEKURYTYZACJA-,149511,0,1.html<\/a> &#8211; <strong>artyku\u0142 Pauliny Polko odnosz\u0105cy g\u0142\u00f3wne za\u0142o\u017cenia kopenhaskiej szko\u0142y stosunk\u00f3w mi\u0119dzynarodowych do pandemii COVID &#8211; 19<\/strong>.<\/p>\n\n\n\n<p>4. <a rel=\"noreferrer noopener\" href=\"http:\/\/images.iformat.pl\/A19BC5EFEB\/67B782A5-509F-49F5-B22A-FF7FD9130BD2.pdf\" target=\"_blank\">http:\/\/images.iformat.pl\/A19BC5EFEB\/67B782A5-509F-49F5-B22A-FF7FD9130BD2.pdf<\/a> &#8211; <strong>fragment szerszego opracowania, wyja\u015bniaj\u0105cy w rozdziale 1.1 drug\u0105 niezwykle istotn\u0105 teori\u0119 powsta\u0142\u0105 w ramach szko\u0142y kopenhaskiej, jak\u0105 jest teoria regionalnych kompleks\u00f3w bezpiecze\u0144stwa.<\/strong><\/p>\n\n\n\n<h2>Sekurytyzacja<\/h2>\n\n\n\n<p><a rel=\"noreferrer noopener\" href=\"https:\/\/ruj.uj.edu.pl\/xmlui\/handle\/item\/196876\" target=\"_blank\">https:\/\/ruj.uj.edu.pl\/xmlui\/handle\/item\/196876<\/a> &#8211; <strong>artyku\u0142 R. Siudaka omawiaj\u0105cy proces sekurytyzacji na przyk\u0142adzie zagro\u017cenia p\u0142yn\u0105cego z ira\u0144skiego programu nuklearnego<\/strong>.<\/p>\n\n\n\n<p><a rel=\"noreferrer noopener\" href=\"https:\/\/www.ceeol.com\/search\/book-detail?id=828361\" target=\"_blank\">https:\/\/www.ceeol.com\/search\/book-detail?id=828361<\/a> &#8211;<strong> publikacja M. Szydzisza przedstawiaj\u0105ca sekurytyzacj\u0119 jako jedno z g\u0142\u00f3wnych narz\u0119dzi polityki zagranicznej Izraela<\/strong>.<\/p>\n\n\n\n<h2>Globalizacja<\/h2>\n\n\n\n<p><strong>M. Zi\u0119tek-Wielomska: Pa\u0144stwo narodowe a WHO &amp; mafia farmaceutyczna, I Zjazd Koronarealist\u00f3w, 11.6.23<\/strong>; <a href=\"https:\/\/www.youtube.com\/watch?v=P0xw0rrXg5k&amp;t=24s\">https:\/\/www.youtube.com\/watch?v=P0xw0rrXg5k&amp;t=24s<\/a><\/p>\n","protected":false},"excerpt":{"rendered":"<p>Polityka zr\u00f3wnowa\u017conego rozwoju Rezolucja 70\/299 Zgromadzenia Og\u00f3lnego ONZ (https:\/\/www.un.org\/en\/conferences\/SDGSummit2023\/political-declaration#): Political declaration of the high-level political forum on sustainable development convened under the auspices of the General Assembly, 18-19 September 2023 [https:\/\/hlpf.un.org\/sites\/default\/files\/2023-09\/A%20HLPF%202023%20L1.pdf . \u0141ad europejski 1. https:\/\/www.researchgate.net\/profile\/Daniel-Augenstein\/publication\/320245834_Integration_Through_Law\/links\/5b2bdc5b4585150d23c183d0\/Integration-Through-Law.pdf &#8211; artyku\u0142 Daniela Augensteina przedstawiaj\u0105cy koncepcj\u0119 integracji przez prawo oraz jej g\u0142\u00f3wnych za\u0142o\u017ce\u0144 w odniesieniu do proces\u00f3w integracyjnych w &hellip; <a href=\"https:\/\/wr.ans.pw.edu.pl\/?page_id=1231\" class=\"more-link\">Czytaj dalej <span class=\"screen-reader-text\">7.2. Stosunki mi\u0119dzynarodowe<\/span><\/a><\/p>\n","protected":false},"author":1,"featured_media":0,"parent":0,"menu_order":0,"comment_status":"closed","ping_status":"closed","template":"","meta":[],"_links":{"self":[{"href":"https:\/\/wr.ans.pw.edu.pl\/index.php?rest_route=\/wp\/v2\/pages\/1231"}],"collection":[{"href":"https:\/\/wr.ans.pw.edu.pl\/index.php?rest_route=\/wp\/v2\/pages"}],"about":[{"href":"https:\/\/wr.ans.pw.edu.pl\/index.php?rest_route=\/wp\/v2\/types\/page"}],"author":[{"embeddable":true,"href":"https:\/\/wr.ans.pw.edu.pl\/index.php?rest_route=\/wp\/v2\/users\/1"}],"replies":[{"embeddable":true,"href":"https:\/\/wr.ans.pw.edu.pl\/index.php?rest_route=%2Fwp%2Fv2%2Fcomments&post=1231"}],"version-history":[{"count":11,"href":"https:\/\/wr.ans.pw.edu.pl\/index.php?rest_route=\/wp\/v2\/pages\/1231\/revisions"}],"predecessor-version":[{"id":2061,"href":"https:\/\/wr.ans.pw.edu.pl\/index.php?rest_route=\/wp\/v2\/pages\/1231\/revisions\/2061"}],"wp:attachment":[{"href":"https:\/\/wr.ans.pw.edu.pl\/index.php?rest_route=%2Fwp%2Fv2%2Fmedia&parent=1231"}],"curies":[{"name":"wp","href":"https:\/\/api.w.org\/{rel}","templated":true}]}}