{"id":1225,"date":"2023-01-16T11:18:12","date_gmt":"2023-01-16T10:18:12","guid":{"rendered":"https:\/\/wr.ans.pw.edu.pl\/?page_id=1225"},"modified":"2023-01-16T11:42:58","modified_gmt":"2023-01-16T10:42:58","slug":"7-1-metodologia-badan-2","status":"publish","type":"page","link":"https:\/\/wr.ans.pw.edu.pl\/?page_id=1225","title":{"rendered":"7.1. Metodologia bada\u0144"},"content":{"rendered":"\n<ul>\n<li>I. Auken, <em>This is what 2030 could look like if we win the war on climate change<\/em>, z 31 pa\u017adziernika 2019 r.,<a href=\" https:\/\/www.weforum.org\/agenda\/2019\/10\/what-happens-if-we-beat-climate-change\/.\"> https:\/\/www.weforum.org\/agenda\/2019\/10\/what-happens-if-we-beat-climate-change\/.<\/a><\/li>\n\n\n\n<li>&nbsp;K. Schwab, <em>Now is the time for a 'great reset&#8217;<\/em> (Przyszed\u0142 czas na &#8222;wielki reset&#8221;), 3.06.2020, artyku\u0142 nawo\u0142uj\u0105cy do wykorzystania kryzysu zwi\u0105zanego z pandemi\u0105 w kierunku przebudowy gospodarczej i spo\u0142ecznej, <a href=\"https:\/\/www.weforum.org\/agenda\/2020\/06\/now-is-the-time-for-a-great-reset\/.\">https:\/\/www.weforum.org\/agenda\/2020\/06\/now-is-the-time-for-a-great-reset\/.<\/a><\/li>\n\n\n\n<li>C. Parker, <em>8 predictions for the world in 2030<\/em> (8 przepowiedni dla \u015bwiata na rok 2030) z dn. 12.11.2016 r., <a rel=\"noreferrer noopener\" href=\"https:\/\/www.weforum.org\/agenda\/2016\/11\/8-predictions-for-the-world-in-2030\/?utm_content=bufferdda7f&amp;utm_medium=social&amp;utm_source=facebook.com&amp;utm_campaign=buffer\" target=\"_blank\">https:\/\/www.weforum.org\/agenda\/2016\/11\/8-predictions-for-the-world-in-2030\/?utm_content=bufferdda7f&amp;utm_medium=social&amp;utm_source=facebook.com&amp;utm_campaign=buffer<\/a>.<\/li>\n\n\n\n<li>Spotkanie z prof. dr hab. A. Zybertowiczem: Cyber contra real; Klub Ronina, 24 X 2022 <a savefrom_lm_index=\"0\" savefrom_lm=\"1\" href=\"https:\/\/www.youtube.com\/watch?v=b46yD0cYfwU&amp;t=19s\">https:\/\/www.youtube.com\/watch?v=b46yD0cYfwU&amp;t=19s<\/a><\/li>\n\n\n\n<li>Rozmowa z prof. dr hab. A. Zybertowiczem nt &#8222;Problematyczno\u015bci ery cyfrowej&#8221;. Fundacja Tw\u00f3rc\u00f3w dla Rzeczypospolitej [<a href=\"https:\/\/www.youtube.com\/watch?v=wgxkUJKHWmA&amp;t=2531s\">https:\/\/www.youtube.com\/watch?v=wgxkUJKHWmA&amp;t=2531s<\/a><\/li>\n<\/ul>\n","protected":false},"excerpt":{"rendered":"","protected":false},"author":1,"featured_media":0,"parent":0,"menu_order":0,"comment_status":"closed","ping_status":"closed","template":"","meta":[],"_links":{"self":[{"href":"https:\/\/wr.ans.pw.edu.pl\/index.php?rest_route=\/wp\/v2\/pages\/1225"}],"collection":[{"href":"https:\/\/wr.ans.pw.edu.pl\/index.php?rest_route=\/wp\/v2\/pages"}],"about":[{"href":"https:\/\/wr.ans.pw.edu.pl\/index.php?rest_route=\/wp\/v2\/types\/page"}],"author":[{"embeddable":true,"href":"https:\/\/wr.ans.pw.edu.pl\/index.php?rest_route=\/wp\/v2\/users\/1"}],"replies":[{"embeddable":true,"href":"https:\/\/wr.ans.pw.edu.pl\/index.php?rest_route=%2Fwp%2Fv2%2Fcomments&post=1225"}],"version-history":[{"count":4,"href":"https:\/\/wr.ans.pw.edu.pl\/index.php?rest_route=\/wp\/v2\/pages\/1225\/revisions"}],"predecessor-version":[{"id":1264,"href":"https:\/\/wr.ans.pw.edu.pl\/index.php?rest_route=\/wp\/v2\/pages\/1225\/revisions\/1264"}],"wp:attachment":[{"href":"https:\/\/wr.ans.pw.edu.pl\/index.php?rest_route=%2Fwp%2Fv2%2Fmedia&parent=1225"}],"curies":[{"name":"wp","href":"https:\/\/api.w.org\/{rel}","templated":true}]}}